{"id":132,"date":"2020-07-22T14:52:04","date_gmt":"2020-07-22T14:52:04","guid":{"rendered":"http:\/\/kvw-ostholstein.de\/home\/?page_id=132"},"modified":"2024-09-22T15:38:21","modified_gmt":"2024-09-22T15:38:21","slug":"pedelec","status":"publish","type":"page","link":"https:\/\/kvw-ostholstein.de\/home\/pedelec\/","title":{"rendered":"Mobil mit dem Pedelec"},"content":{"rendered":"\t\t<div data-elementor-type=\"wp-page\" data-elementor-id=\"132\" class=\"elementor elementor-132\">\n\t\t\t\t\t\t<div class=\"elementor-inner\">\n\t\t\t\t<div class=\"elementor-section-wrap\">\n\t\t\t\t\t\t\t\t\t<section class=\"elementor-section elementor-top-section elementor-element elementor-element-35a5c78 elementor-section-boxed elementor-section-height-default elementor-section-height-default\" data-id=\"35a5c78\" data-element_type=\"section\">\n\t\t\t\t\t\t<div class=\"elementor-container elementor-column-gap-default\">\n\t\t\t\t\t\t\t<div class=\"elementor-row\">\n\t\t\t\t\t<div class=\"elementor-column elementor-col-100 elementor-top-column elementor-element elementor-element-b73cf97\" data-id=\"b73cf97\" data-element_type=\"column\">\n\t\t\t<div class=\"elementor-column-wrap\">\n\t\t\t\t\t\t\t<div class=\"elementor-widget-wrap\">\n\t\t\t\t\t\t\t\t<\/div>\n\t\t\t\t\t<\/div>\n\t\t<\/div>\n\t\t\t\t\t\t\t\t<\/div>\n\t\t\t\t\t<\/div>\n\t\t<\/section>\n\t\t\t\t<section class=\"elementor-section elementor-top-section elementor-element elementor-element-1b805b1 elementor-section-boxed elementor-section-height-default elementor-section-height-default\" data-id=\"1b805b1\" data-element_type=\"section\">\n\t\t\t\t\t\t<div class=\"elementor-container elementor-column-gap-default\">\n\t\t\t\t\t\t\t<div class=\"elementor-row\">\n\t\t\t\t\t<div class=\"elementor-column elementor-col-100 elementor-top-column elementor-element elementor-element-deb5044\" data-id=\"deb5044\" data-element_type=\"column\">\n\t\t\t<div class=\"elementor-column-wrap\">\n\t\t\t\t\t\t\t<div class=\"elementor-widget-wrap\">\n\t\t\t\t\t\t\t\t<\/div>\n\t\t\t\t\t<\/div>\n\t\t<\/div>\n\t\t\t\t\t\t\t\t<\/div>\n\t\t\t\t\t<\/div>\n\t\t<\/section>\n\t\t\t\t<section class=\"elementor-section elementor-top-section elementor-element elementor-element-411e518 elementor-section-boxed elementor-section-height-default elementor-section-height-default\" data-id=\"411e518\" data-element_type=\"section\">\n\t\t\t\t\t\t<div class=\"elementor-container elementor-column-gap-default\">\n\t\t\t\t\t\t\t<div class=\"elementor-row\">\n\t\t\t\t\t<div class=\"elementor-column elementor-col-100 elementor-top-column elementor-element elementor-element-8dd06af\" data-id=\"8dd06af\" data-element_type=\"column\">\n\t\t\t<div class=\"elementor-column-wrap elementor-element-populated\">\n\t\t\t\t\t\t\t<div class=\"elementor-widget-wrap\">\n\t\t\t\t\t\t<div class=\"elementor-element elementor-element-e6aaca5 elementor-widget elementor-widget-heading\" data-id=\"e6aaca5\" data-element_type=\"widget\" data-widget_type=\"heading.default\">\n\t\t\t\t<div class=\"elementor-widget-container\">\n\t\t\t<h2 class=\"elementor-heading-title elementor-size-default\">Mobil mit dem Pedelec<\/h2>\t\t<\/div>\n\t\t\t\t<\/div>\n\t\t\t\t\t\t<\/div>\n\t\t\t\t\t<\/div>\n\t\t<\/div>\n\t\t\t\t\t\t\t\t<\/div>\n\t\t\t\t\t<\/div>\n\t\t<\/section>\n\t\t\t\t<section class=\"elementor-section elementor-top-section elementor-element elementor-element-4c272bb elementor-section-boxed elementor-section-height-default elementor-section-height-default\" data-id=\"4c272bb\" data-element_type=\"section\">\n\t\t\t\t\t\t<div class=\"elementor-container elementor-column-gap-default\">\n\t\t\t\t\t\t\t<div class=\"elementor-row\">\n\t\t\t\t\t<div class=\"elementor-column elementor-col-33 elementor-top-column elementor-element elementor-element-a8a7673\" data-id=\"a8a7673\" data-element_type=\"column\">\n\t\t\t<div class=\"elementor-column-wrap elementor-element-populated\">\n\t\t\t\t\t\t\t<div class=\"elementor-widget-wrap\">\n\t\t\t\t\t\t<div class=\"elementor-element elementor-element-58ab7c9 elementor-widget elementor-widget-image\" data-id=\"58ab7c9\" data-element_type=\"widget\" data-widget_type=\"image.default\">\n\t\t\t\t<div class=\"elementor-widget-container\">\n\t\t\t\t\t\t\t\t<div class=\"elementor-image\">\n\t\t\t\t\t\t\t\t\t\t\t\t<img loading=\"lazy\" decoding=\"async\" width=\"1024\" height=\"808\" src=\"https:\/\/kvw-ostholstein.de\/wp-content\/uploads\/2020\/07\/andrea_pedelec-1024x808.jpg\" class=\"attachment-large size-large\" alt=\"\" srcset=\"https:\/\/kvw-ostholstein.de\/wp-content\/uploads\/2020\/07\/andrea_pedelec-1024x808.jpg 1024w, https:\/\/kvw-ostholstein.de\/wp-content\/uploads\/2020\/07\/andrea_pedelec-300x237.jpg 300w, https:\/\/kvw-ostholstein.de\/wp-content\/uploads\/2020\/07\/andrea_pedelec-768x606.jpg 768w, https:\/\/kvw-ostholstein.de\/wp-content\/uploads\/2020\/07\/andrea_pedelec-1536x1213.jpg 1536w, https:\/\/kvw-ostholstein.de\/wp-content\/uploads\/2020\/07\/andrea_pedelec-2048x1617.jpg 2048w\" sizes=\"auto, (max-width: 1024px) 100vw, 1024px\" \/>\t\t\t\t\t\t\t\t\t\t\t\t\t\t<\/div>\n\t\t\t\t\t\t<\/div>\n\t\t\t\t<\/div>\n\t\t\t\t\t\t<\/div>\n\t\t\t\t\t<\/div>\n\t\t<\/div>\n\t\t\t\t<div class=\"elementor-column elementor-col-66 elementor-top-column elementor-element elementor-element-2327d98\" data-id=\"2327d98\" data-element_type=\"column\">\n\t\t\t<div class=\"elementor-column-wrap elementor-element-populated\">\n\t\t\t\t\t\t\t<div class=\"elementor-widget-wrap\">\n\t\t\t\t\t\t<div class=\"elementor-element elementor-element-ccf1f75 elementor-widget elementor-widget-text-editor\" data-id=\"ccf1f75\" data-element_type=\"widget\" data-widget_type=\"text-editor.default\">\n\t\t\t\t<div class=\"elementor-widget-container\">\n\t\t\t\t\t\t\t\t<div class=\"elementor-text-editor elementor-clearfix\">\n\t\t\t\t<p>&#8222;Mobil mit dem Pedelec&#8220; ist Name und Programm f\u00fcr unser Seminar rund um das &#8222;Elektrofahrrad&#8220;.<br \/>Die Kreisverkehrswacht Ostholstein S\u00fcd e.V. bietet allen Benutzern eines Pedelec eine Einweisung in den Umgang mit diesem Fahrzeug an.<br \/>Wir beginnen mit einer kurzen theoretischen Einf\u00fchrung in das Thema mit den rechtlichen Bestimmungen.\u00a0 Es folgt eine technische Einweisung, mit den Hinweisen zum Motor, den Bremsen und der Pflege und Wartung des Fahrzeuges. Dann geht es in der Praxis um das Aufsteigen und Abfahren, das Bremsen und Absteigen und das Ausweichen auftretender Hindernisse.<br \/>Zur Steigerung der Fahrsicherheit gibt es dann noch eine Hindernisbahn mit weiteren \u00dcbungen. Jeder so wie er kann und mit ganz viel Spa\u00df!<\/p><p>\u00dcbrigens schnell kann jeder, wir fahren auch langsam!<\/p>\t\t\t\t\t<\/div>\n\t\t\t\t\t\t<\/div>\n\t\t\t\t<\/div>\n\t\t\t\t\t\t<\/div>\n\t\t\t\t\t<\/div>\n\t\t<\/div>\n\t\t\t\t\t\t\t\t<\/div>\n\t\t\t\t\t<\/div>\n\t\t<\/section>\n\t\t\t\t<section class=\"elementor-section elementor-top-section elementor-element elementor-element-e23866d elementor-section-boxed elementor-section-height-default elementor-section-height-default\" data-id=\"e23866d\" data-element_type=\"section\">\n\t\t\t\t\t\t<div class=\"elementor-container elementor-column-gap-default\">\n\t\t\t\t\t\t\t<div class=\"elementor-row\">\n\t\t\t\t\t<div class=\"elementor-column elementor-col-33 elementor-top-column elementor-element elementor-element-9b80503\" data-id=\"9b80503\" data-element_type=\"column\">\n\t\t\t<div class=\"elementor-column-wrap elementor-element-populated\">\n\t\t\t\t\t\t\t<div class=\"elementor-widget-wrap\">\n\t\t\t\t\t\t<div class=\"elementor-element elementor-element-6e93db2 elementor-widget elementor-widget-heading\" data-id=\"6e93db2\" data-element_type=\"widget\" data-widget_type=\"heading.default\">\n\t\t\t\t<div class=\"elementor-widget-container\">\n\t\t\t<h2 class=\"elementor-heading-title elementor-size-default\">Programm<\/h2>\t\t<\/div>\n\t\t\t\t<\/div>\n\t\t\t\t\t\t<\/div>\n\t\t\t\t\t<\/div>\n\t\t<\/div>\n\t\t\t\t<div class=\"elementor-column elementor-col-66 elementor-top-column elementor-element elementor-element-aa9d75a\" data-id=\"aa9d75a\" data-element_type=\"column\">\n\t\t\t<div class=\"elementor-column-wrap elementor-element-populated\">\n\t\t\t\t\t\t\t<div class=\"elementor-widget-wrap\">\n\t\t\t\t\t\t<div class=\"elementor-element elementor-element-fca57e9 elementor-widget elementor-widget-text-editor\" data-id=\"fca57e9\" data-element_type=\"widget\" data-widget_type=\"text-editor.default\">\n\t\t\t\t<div class=\"elementor-widget-container\">\n\t\t\t\t\t\t\t\t<div class=\"elementor-text-editor elementor-clearfix\">\n\t\t\t\t\t\t\t\t\t<\/div>\n\t\t\t\t\t\t<\/div>\n\t\t\t\t<\/div>\n\t\t\t\t\t\t<\/div>\n\t\t\t\t\t<\/div>\n\t\t<\/div>\n\t\t\t\t\t\t\t\t<\/div>\n\t\t\t\t\t<\/div>\n\t\t<\/section>\n\t\t\t\t<section class=\"elementor-section elementor-top-section elementor-element elementor-element-602af6d elementor-section-boxed elementor-section-height-default elementor-section-height-default\" data-id=\"602af6d\" data-element_type=\"section\">\n\t\t\t\t\t\t<div class=\"elementor-container elementor-column-gap-default\">\n\t\t\t\t\t\t\t<div class=\"elementor-row\">\n\t\t\t\t\t<div class=\"elementor-column elementor-col-33 elementor-top-column elementor-element elementor-element-70715aa\" data-id=\"70715aa\" data-element_type=\"column\">\n\t\t\t<div class=\"elementor-column-wrap\">\n\t\t\t\t\t\t\t<div class=\"elementor-widget-wrap\">\n\t\t\t\t\t\t\t\t<\/div>\n\t\t\t\t\t<\/div>\n\t\t<\/div>\n\t\t\t\t<div class=\"elementor-column elementor-col-33 elementor-top-column elementor-element elementor-element-3a78005\" data-id=\"3a78005\" data-element_type=\"column\">\n\t\t\t<div class=\"elementor-column-wrap elementor-element-populated\">\n\t\t\t\t\t\t\t<div class=\"elementor-widget-wrap\">\n\t\t\t\t\t\t<div class=\"elementor-element elementor-element-b6b0749 elementor-widget elementor-widget-text-editor\" data-id=\"b6b0749\" data-element_type=\"widget\" data-widget_type=\"text-editor.default\">\n\t\t\t\t<div class=\"elementor-widget-container\">\n\t\t\t\t\t\t\t\t<div class=\"elementor-text-editor elementor-clearfix\">\n\t\t\t\t<p><strong>\u00a0Begr\u00fc\u00dfung mit \u00a0kurzer Vorstellungsrunde\u00a0 \u00a0<\/strong> \u00a0 \u00a0<\/p><p>\u00a0W<span style=\"font-size: 16px;\">as ist ein Pedelec?\u00a0<\/span><\/p><p>\u00a0\u00a0\u00a0\u00a0\u00a0\u00a0\u00a0\u00a0\u00a0\u00a0\u00a0\u00a0\u00a0\u00a0\u00a0\u00a0\u00a0\u00a0\u00a0\u00a0\u00a0\u00a0 Video des Ministeriums f\u00fcr Verkehr und digitale Infrastruktur\u00a0\u00a0\u00a0\u00a0\u00a0\u00a0 <br \/>\u00a0\u00a0\u00a0\u00a0\u00a0\u00a0\u00a0\u00a0\u00a0\u00a0\u00a0\u00a0\u00a0\u00a0\u00a0\u00a0\u00a0\u00a0\u00a0\u00a0\u00a0\u00a0 &#8211;\u00a0\u00a0\u00a0\u00a0\u00a0 Einblick in die rechtlichen Vorschriften<br \/>\u00a0\u00a0\u00a0\u00a0\u00a0\u00a0\u00a0\u00a0\u00a0\u00a0\u00a0\u00a0\u00a0\u00a0\u00a0\u00a0\u00a0\u00a0\u00a0\u00a0\u00a0\u00a0 &#8211;\u00a0\u00a0\u00a0\u00a0\u00a0 Unterschiede Pedelec und E-Bike<br \/>\u00a0\u00a0\u00a0\u00a0\u00a0\u00a0\u00a0\u00a0\u00a0\u00a0\u00a0\u00a0\u00a0\u00a0\u00a0\u00a0\u00a0\u00a0\u00a0\u00a0\u00a0\u00a0 &#8211;\u00a0\u00a0\u00a0\u00a0\u00a0 Verkehrszeichen und Wege<br \/>\u00a0\u00a0\u00a0\u00a0\u00a0\u00a0\u00a0\u00a0\u00a0\u00a0\u00a0\u00a0\u00a0\u00a0\u00a0\u00a0\u00a0\u00a0\u00a0\u00a0\u00a0\u00a0 &#8211;\u00a0\u00a0\u00a0\u00a0\u00a0 Fahrerlaubnis \/ Helmpflicht \/Versicherung<\/p><p>Technische Einweisung in Ihr Pedelec\u00a0 \u00a0 \u00a0 \u00a0 \u00a0 \u00a0 \u00a0 \u00a0\u00a0<br \/>\u00a0\u00a0\u00a0\u00a0\u00a0\u00a0\u00a0\u00a0\u00a0\u00a0\u00a0\u00a0\u00a0\u00a0\u00a0\u00a0\u00a0\u00a0\u00a0\u00a0\u00a0\u00a0 &#8211;\u00a0\u00a0\u00a0\u00a0\u00a0 Motor und Grad der Unterst\u00fctzung<br \/>\u00a0\u00a0\u00a0\u00a0\u00a0\u00a0\u00a0\u00a0\u00a0\u00a0\u00a0\u00a0\u00a0\u00a0\u00a0\u00a0\u00a0\u00a0\u00a0\u00a0\u00a0\u00a0 &#8211;\u00a0\u00a0\u00a0\u00a0\u00a0 Bremsen und Bremsweg<br \/>\u00a0\u00a0\u00a0\u00a0\u00a0\u00a0\u00a0\u00a0\u00a0\u00a0\u00a0\u00a0\u00a0\u00a0\u00a0\u00a0\u00a0\u00a0\u00a0\u00a0\u00a0\u00a0 &#8211;\u00a0\u00a0\u00a0\u00a0\u00a0 Pflege und Wartung<\/p><p>Kaffeepause (nur bei Bedarf)<\/p><p>Praktische \u00dcbungen auf unserem Verkehrs\u00fcbungsplatz<br \/>\u00a0\u00a0\u00a0\u00a0\u00a0\u00a0\u00a0\u00a0\u00a0\u00a0\u00a0\u00a0\u00a0\u00a0\u00a0\u00a0\u00a0\u00a0\u00a0\u00a0\u00a0\u00a0 &#8211;\u00a0\u00a0\u00a0\u00a0\u00a0 Aufsteigen und Anfahren<br \/>\u00a0\u00a0\u00a0\u00a0\u00a0\u00a0\u00a0\u00a0\u00a0\u00a0\u00a0\u00a0\u00a0\u00a0\u00a0\u00a0\u00a0\u00a0\u00a0\u00a0\u00a0\u00a0 &#8211;\u00a0\u00a0\u00a0\u00a0\u00a0 Bremsen und Absteigen<br \/>\u00a0\u00a0\u00a0\u00a0\u00a0\u00a0\u00a0\u00a0\u00a0\u00a0\u00a0\u00a0\u00a0\u00a0\u00a0\u00a0\u00a0\u00a0\u00a0\u00a0\u00a0\u00a0 &#8211;\u00a0\u00a0\u00a0\u00a0\u00a0 schnell kann jeder \u2013 wir fahren langsam<br \/>\u00a0\u00a0\u00a0\u00a0\u00a0\u00a0\u00a0\u00a0\u00a0\u00a0\u00a0\u00a0\u00a0\u00a0\u00a0\u00a0\u00a0\u00a0\u00a0\u00a0\u00a0\u00a0 &#8211;\u00a0\u00a0\u00a0\u00a0\u00a0 Notfall: Bremsen und Ausweichen<br \/>\u00a0\u00a0\u00a0\u00a0\u00a0\u00a0\u00a0\u00a0\u00a0\u00a0\u00a0\u00a0\u00a0\u00a0\u00a0\u00a0\u00a0\u00a0\u00a0\u00a0\u00a0\u00a0 &#8211;\u00a0\u00a0\u00a0\u00a0\u00a0 Unsere Hindernisbahn mit weiteren \u00dcbungen zur <br \/>\u00a0\u00a0\u00a0\u00a0\u00a0\u00a0\u00a0\u00a0\u00a0\u00a0\u00a0\u00a0\u00a0\u00a0\u00a0\u00a0\u00a0\u00a0\u00a0\u00a0\u00a0\u00a0\u00a0\u00a0\u00a0\u00a0\u00a0\u00a0\u00a0 Steigerung der Fahrsicherheit<\/p><p>Abschlussbesprechung<\/p>\t\t\t\t\t<\/div>\n\t\t\t\t\t\t<\/div>\n\t\t\t\t<\/div>\n\t\t\t\t\t\t<\/div>\n\t\t\t\t\t<\/div>\n\t\t<\/div>\n\t\t\t\t<div class=\"elementor-column elementor-col-33 elementor-top-column elementor-element elementor-element-aed4e5c\" data-id=\"aed4e5c\" data-element_type=\"column\">\n\t\t\t<div class=\"elementor-column-wrap\">\n\t\t\t\t\t\t\t<div class=\"elementor-widget-wrap\">\n\t\t\t\t\t\t\t\t<\/div>\n\t\t\t\t\t<\/div>\n\t\t<\/div>\n\t\t\t\t\t\t\t\t<\/div>\n\t\t\t\t\t<\/div>\n\t\t<\/section>\n\t\t\t\t<section class=\"elementor-section elementor-top-section elementor-element elementor-element-4338089 elementor-section-boxed elementor-section-height-default elementor-section-height-default\" data-id=\"4338089\" data-element_type=\"section\">\n\t\t\t\t\t\t<div class=\"elementor-container elementor-column-gap-default\">\n\t\t\t\t\t\t\t<div class=\"elementor-row\">\n\t\t\t\t\t<div class=\"elementor-column elementor-col-33 elementor-top-column elementor-element elementor-element-99ee589\" data-id=\"99ee589\" data-element_type=\"column\">\n\t\t\t<div class=\"elementor-column-wrap elementor-element-populated\">\n\t\t\t\t\t\t\t<div class=\"elementor-widget-wrap\">\n\t\t\t\t\t\t<div class=\"elementor-element elementor-element-fa8126a elementor-widget elementor-widget-image\" data-id=\"fa8126a\" data-element_type=\"widget\" data-widget_type=\"image.default\">\n\t\t\t\t<div class=\"elementor-widget-container\">\n\t\t\t\t\t\t\t\t<div class=\"elementor-image\">\n\t\t\t\t\t\t\t\t\t\t\t\t<img loading=\"lazy\" decoding=\"async\" width=\"150\" height=\"150\" src=\"https:\/\/kvw-ostholstein.de\/wp-content\/uploads\/2020\/07\/20200615_ich-web-150x150.jpg\" class=\"attachment-thumbnail size-thumbnail\" alt=\"Pressewart der Kreisverkehrswacht Ostholstein S\u00fcd e.V.\" \/>\t\t\t\t\t\t\t\t\t\t\t\t\t\t<\/div>\n\t\t\t\t\t\t<\/div>\n\t\t\t\t<\/div>\n\t\t\t\t\t\t<\/div>\n\t\t\t\t\t<\/div>\n\t\t<\/div>\n\t\t\t\t<div class=\"elementor-column elementor-col-33 elementor-top-column elementor-element elementor-element-f02a0e5\" data-id=\"f02a0e5\" data-element_type=\"column\">\n\t\t\t<div class=\"elementor-column-wrap elementor-element-populated\">\n\t\t\t\t\t\t\t<div class=\"elementor-widget-wrap\">\n\t\t\t\t\t\t<div class=\"elementor-element elementor-element-cfe6dac elementor-widget elementor-widget-text-editor\" data-id=\"cfe6dac\" data-element_type=\"widget\" data-widget_type=\"text-editor.default\">\n\t\t\t\t<div class=\"elementor-widget-container\">\n\t\t\t\t\t\t\t\t<div class=\"elementor-text-editor elementor-clearfix\">\n\t\t\t\t<p>Das Seminar wird von einem Team begleitet. Die Theorie wird von Wolfgang Gehm vorgetragen, in der Praxis wird er dann von Holger Wriedt, Roland Hamann, Robert Bahr und Johannes Kunsleben unterst\u00fctzt.<\/p>\t\t\t\t\t<\/div>\n\t\t\t\t\t\t<\/div>\n\t\t\t\t<\/div>\n\t\t\t\t\t\t<\/div>\n\t\t\t\t\t<\/div>\n\t\t<\/div>\n\t\t\t\t<div class=\"elementor-column elementor-col-33 elementor-top-column elementor-element elementor-element-e99f390\" data-id=\"e99f390\" data-element_type=\"column\">\n\t\t\t<div class=\"elementor-column-wrap\">\n\t\t\t\t\t\t\t<div class=\"elementor-widget-wrap\">\n\t\t\t\t\t\t\t\t<\/div>\n\t\t\t\t\t<\/div>\n\t\t<\/div>\n\t\t\t\t\t\t\t\t<\/div>\n\t\t\t\t\t<\/div>\n\t\t<\/section>\n\t\t\t\t<section class=\"elementor-section elementor-top-section elementor-element elementor-element-47a6c2d elementor-section-boxed elementor-section-height-default elementor-section-height-default\" data-id=\"47a6c2d\" data-element_type=\"section\">\n\t\t\t\t\t\t<div class=\"elementor-container elementor-column-gap-default\">\n\t\t\t\t\t\t\t<div class=\"elementor-row\">\n\t\t\t\t\t<div class=\"elementor-column elementor-col-100 elementor-top-column elementor-element elementor-element-20a5286\" data-id=\"20a5286\" data-element_type=\"column\">\n\t\t\t<div class=\"elementor-column-wrap elementor-element-populated\">\n\t\t\t\t\t\t\t<div class=\"elementor-widget-wrap\">\n\t\t\t\t\t\t<div class=\"elementor-element elementor-element-9ed6855 elementor-widget elementor-widget-spacer\" data-id=\"9ed6855\" data-element_type=\"widget\" data-widget_type=\"spacer.default\">\n\t\t\t\t<div class=\"elementor-widget-container\">\n\t\t\t\t\t<div class=\"elementor-spacer\">\n\t\t\t<div class=\"elementor-spacer-inner\"><\/div>\n\t\t<\/div>\n\t\t\t\t<\/div>\n\t\t\t\t<\/div>\n\t\t\t\t\t\t<\/div>\n\t\t\t\t\t<\/div>\n\t\t<\/div>\n\t\t\t\t\t\t\t\t<\/div>\n\t\t\t\t\t<\/div>\n\t\t<\/section>\n\t\t\t\t<section class=\"elementor-section elementor-top-section elementor-element elementor-element-26768d0 elementor-section-boxed elementor-section-height-default elementor-section-height-default\" data-id=\"26768d0\" data-element_type=\"section\">\n\t\t\t\t\t\t<div class=\"elementor-container elementor-column-gap-default\">\n\t\t\t\t\t\t\t<div class=\"elementor-row\">\n\t\t\t\t\t<div class=\"elementor-column elementor-col-100 elementor-top-column elementor-element elementor-element-3943e40\" data-id=\"3943e40\" data-element_type=\"column\">\n\t\t\t<div class=\"elementor-column-wrap\">\n\t\t\t\t\t\t\t<div class=\"elementor-widget-wrap\">\n\t\t\t\t\t\t\t\t<\/div>\n\t\t\t\t\t<\/div>\n\t\t<\/div>\n\t\t\t\t\t\t\t\t<\/div>\n\t\t\t\t\t<\/div>\n\t\t<\/section>\n\t\t\t\t<section class=\"elementor-section elementor-top-section elementor-element elementor-element-0dbe122 elementor-section-boxed elementor-section-height-default elementor-section-height-default\" data-id=\"0dbe122\" data-element_type=\"section\">\n\t\t\t\t\t\t<div class=\"elementor-container elementor-column-gap-default\">\n\t\t\t\t\t\t\t<div class=\"elementor-row\">\n\t\t\t\t\t<div class=\"elementor-column elementor-col-20 elementor-top-column elementor-element elementor-element-6a9879e\" data-id=\"6a9879e\" data-element_type=\"column\">\n\t\t\t<div class=\"elementor-column-wrap elementor-element-populated\">\n\t\t\t\t\t\t\t<div class=\"elementor-widget-wrap\">\n\t\t\t\t\t\t<div class=\"elementor-element elementor-element-1fae4af elementor-widget elementor-widget-text-editor\" data-id=\"1fae4af\" data-element_type=\"widget\" data-widget_type=\"text-editor.default\">\n\t\t\t\t<div class=\"elementor-widget-container\">\n\t\t\t\t\t\t\t\t<div class=\"elementor-text-editor elementor-clearfix\">\n\t\t\t\t<p>Copyright 2023 &#8211; Kreisverkehrswacht Ostholstein S\u00fcd e.V.<\/p>\t\t\t\t\t<\/div>\n\t\t\t\t\t\t<\/div>\n\t\t\t\t<\/div>\n\t\t\t\t\t\t<\/div>\n\t\t\t\t\t<\/div>\n\t\t<\/div>\n\t\t\t\t<div class=\"elementor-column elementor-col-20 elementor-top-column elementor-element elementor-element-6461682\" data-id=\"6461682\" data-element_type=\"column\">\n\t\t\t<div class=\"elementor-column-wrap elementor-element-populated\">\n\t\t\t\t\t\t\t<div class=\"elementor-widget-wrap\">\n\t\t\t\t\t\t<div class=\"elementor-element elementor-element-42bb8a7 elementor-widget elementor-widget-heading\" data-id=\"42bb8a7\" data-element_type=\"widget\" data-widget_type=\"heading.default\">\n\t\t\t\t<div class=\"elementor-widget-container\">\n\t\t\t<h2 class=\"elementor-heading-title elementor-size-default\"><a href=\"https:\/\/www.kvw-ostholstein.de\/angebote\">zur\u00fcck<\/a><\/h2>\t\t<\/div>\n\t\t\t\t<\/div>\n\t\t\t\t\t\t<\/div>\n\t\t\t\t\t<\/div>\n\t\t<\/div>\n\t\t\t\t<div class=\"elementor-column elementor-col-20 elementor-top-column elementor-element elementor-element-dad03ff\" data-id=\"dad03ff\" data-element_type=\"column\">\n\t\t\t<div class=\"elementor-column-wrap elementor-element-populated\">\n\t\t\t\t\t\t\t<div class=\"elementor-widget-wrap\">\n\t\t\t\t\t\t<div class=\"elementor-element elementor-element-509d079 elementor-widget elementor-widget-heading\" data-id=\"509d079\" data-element_type=\"widget\" data-widget_type=\"heading.default\">\n\t\t\t\t<div class=\"elementor-widget-container\">\n\t\t\t<h5 class=\"elementor-heading-title elementor-size-default\"><a href=\"https:\/\/kvw-ostholstein.de\/home\/datenschutz\">Datenschutz<\/a><\/h5>\t\t<\/div>\n\t\t\t\t<\/div>\n\t\t\t\t\t\t<\/div>\n\t\t\t\t\t<\/div>\n\t\t<\/div>\n\t\t\t\t<div class=\"elementor-column elementor-col-20 elementor-top-column elementor-element elementor-element-543c3bb\" data-id=\"543c3bb\" data-element_type=\"column\">\n\t\t\t<div class=\"elementor-column-wrap elementor-element-populated\">\n\t\t\t\t\t\t\t<div class=\"elementor-widget-wrap\">\n\t\t\t\t\t\t<div class=\"elementor-element elementor-element-e7249bc elementor-widget elementor-widget-heading\" data-id=\"e7249bc\" data-element_type=\"widget\" data-widget_type=\"heading.default\">\n\t\t\t\t<div class=\"elementor-widget-container\">\n\t\t\t<h5 class=\"elementor-heading-title elementor-size-default\"><a href=\"https:\/\/kvw-ostholstein.de\/home\/haftungsausschluss\">Haftungsausschluss<\/a><\/h5>\t\t<\/div>\n\t\t\t\t<\/div>\n\t\t\t\t\t\t<\/div>\n\t\t\t\t\t<\/div>\n\t\t<\/div>\n\t\t\t\t<div class=\"elementor-column elementor-col-20 elementor-top-column elementor-element elementor-element-87cd3a6\" data-id=\"87cd3a6\" data-element_type=\"column\">\n\t\t\t<div class=\"elementor-column-wrap elementor-element-populated\">\n\t\t\t\t\t\t\t<div class=\"elementor-widget-wrap\">\n\t\t\t\t\t\t<div class=\"elementor-element elementor-element-4ce0ae5 elementor-widget elementor-widget-heading\" data-id=\"4ce0ae5\" data-element_type=\"widget\" data-widget_type=\"heading.default\">\n\t\t\t\t<div class=\"elementor-widget-container\">\n\t\t\t<h2 class=\"elementor-heading-title elementor-size-default\"><a href=\"https:\/\/kvw-ostholstein.de\/home\/impressum\">Impressum<\/a><\/h2>\t\t<\/div>\n\t\t\t\t<\/div>\n\t\t\t\t\t\t<\/div>\n\t\t\t\t\t<\/div>\n\t\t<\/div>\n\t\t\t\t\t\t\t\t<\/div>\n\t\t\t\t\t<\/div>\n\t\t<\/section>\n\t\t\t\t\t\t\t\t\t<\/div>\n\t\t\t<\/div>\n\t\t\t\t\t<\/div>\n\t\t","protected":false},"excerpt":{"rendered":"<p>Mobil mit dem Pedelec &#8222;Mobil mit dem Pedelec&#8220; ist Name und Programm f\u00fcr unser Seminar rund um das &#8222;Elektrofahrrad&#8220;.Die Kreisverkehrswacht Ostholstein S\u00fcd e.V. bietet allen Benutzern eines Pedelec eine Einweisung in den Umgang mit diesem Fahrzeug an.Wir beginnen mit einer kurzen theoretischen Einf\u00fchrung in das Thema mit den rechtlichen Bestimmungen.\u00a0 Es folgt eine technische Einweisung, [&hellip;]<\/p>\n","protected":false},"author":1,"featured_media":0,"parent":0,"menu_order":0,"comment_status":"closed","ping_status":"closed","template":"elementor_canvas","meta":{"footnotes":""},"class_list":["post-132","page","type-page","status-publish","hentry","entry"],"yoast_head":"<!-- This site is optimized with the Yoast SEO plugin v18.4.1 - https:\/\/yoast.com\/wordpress\/plugins\/seo\/ -->\n<title>Mobil mit dem Pedelec - Kreisverkehrswacht Ostholstein S\u00fcd e.V.<\/title>\n<meta name=\"robots\" content=\"index, follow, max-snippet:-1, max-image-preview:large, max-video-preview:-1\" \/>\n<link rel=\"canonical\" href=\"https:\/\/kvw-ostholstein.de\/home\/pedelec\/\" \/>\n<meta property=\"og:locale\" content=\"de_DE\" \/>\n<meta property=\"og:type\" content=\"article\" \/>\n<meta property=\"og:title\" content=\"Mobil mit dem Pedelec - Kreisverkehrswacht Ostholstein S\u00fcd e.V.\" \/>\n<meta property=\"og:description\" content=\"Mobil mit dem Pedelec &#8222;Mobil mit dem Pedelec&#8220; ist Name und Programm f\u00fcr unser Seminar rund um das &#8222;Elektrofahrrad&#8220;.Die Kreisverkehrswacht Ostholstein S\u00fcd e.V. bietet allen Benutzern eines Pedelec eine Einweisung in den Umgang mit diesem Fahrzeug an.Wir beginnen mit einer kurzen theoretischen Einf\u00fchrung in das Thema mit den rechtlichen Bestimmungen.\u00a0 Es folgt eine technische Einweisung, [&hellip;]\" \/>\n<meta property=\"og:url\" content=\"https:\/\/kvw-ostholstein.de\/home\/pedelec\/\" \/>\n<meta property=\"og:site_name\" content=\"Kreisverkehrswacht Ostholstein S\u00fcd e.V.\" \/>\n<meta property=\"article:modified_time\" content=\"2024-09-22T15:38:21+00:00\" \/>\n<meta property=\"og:image\" content=\"https:\/\/kvw-ostholstein.de\/wp-content\/uploads\/2020\/07\/andrea_pedelec-1024x808.jpg\" \/>\n<meta name=\"twitter:card\" content=\"summary_large_image\" \/>\n<meta name=\"twitter:label1\" content=\"Gesch\u00e4tzte Lesezeit\" \/>\n\t<meta name=\"twitter:data1\" content=\"3\u00a0Minuten\" \/>\n<script type=\"application\/ld+json\" class=\"yoast-schema-graph\">{\"@context\":\"https:\/\/schema.org\",\"@graph\":[{\"@type\":\"WebSite\",\"@id\":\"https:\/\/kvw-ostholstein.de\/home\/#website\",\"url\":\"https:\/\/kvw-ostholstein.de\/home\/\",\"name\":\"Kreisverkehrswacht Ostholstein S\u00fcd e.V.\",\"description\":\"Verkehrssicherheitsarbeit\",\"potentialAction\":[{\"@type\":\"SearchAction\",\"target\":{\"@type\":\"EntryPoint\",\"urlTemplate\":\"https:\/\/kvw-ostholstein.de\/home\/?s={search_term_string}\"},\"query-input\":\"required name=search_term_string\"}],\"inLanguage\":\"de\"},{\"@type\":\"ImageObject\",\"@id\":\"https:\/\/kvw-ostholstein.de\/home\/pedelec\/#primaryimage\",\"inLanguage\":\"de\",\"url\":\"https:\/\/kvw-ostholstein.de\/wp-content\/uploads\/2020\/07\/andrea_pedelec-1024x808.jpg\",\"contentUrl\":\"https:\/\/kvw-ostholstein.de\/wp-content\/uploads\/2020\/07\/andrea_pedelec-1024x808.jpg\"},{\"@type\":\"WebPage\",\"@id\":\"https:\/\/kvw-ostholstein.de\/home\/pedelec\/#webpage\",\"url\":\"https:\/\/kvw-ostholstein.de\/home\/pedelec\/\",\"name\":\"Mobil mit dem Pedelec - Kreisverkehrswacht Ostholstein S\u00fcd e.V.\",\"isPartOf\":{\"@id\":\"https:\/\/kvw-ostholstein.de\/home\/#website\"},\"primaryImageOfPage\":{\"@id\":\"https:\/\/kvw-ostholstein.de\/home\/pedelec\/#primaryimage\"},\"datePublished\":\"2020-07-22T14:52:04+00:00\",\"dateModified\":\"2024-09-22T15:38:21+00:00\",\"breadcrumb\":{\"@id\":\"https:\/\/kvw-ostholstein.de\/home\/pedelec\/#breadcrumb\"},\"inLanguage\":\"de\",\"potentialAction\":[{\"@type\":\"ReadAction\",\"target\":[\"https:\/\/kvw-ostholstein.de\/home\/pedelec\/\"]}]},{\"@type\":\"BreadcrumbList\",\"@id\":\"https:\/\/kvw-ostholstein.de\/home\/pedelec\/#breadcrumb\",\"itemListElement\":[{\"@type\":\"ListItem\",\"position\":1,\"name\":\"Startseite\",\"item\":\"https:\/\/kvw-ostholstein.de\/home\/\"},{\"@type\":\"ListItem\",\"position\":2,\"name\":\"Mobil mit dem Pedelec\"}]}]}<\/script>\n<!-- \/ Yoast SEO plugin. -->","yoast_head_json":{"title":"Mobil mit dem Pedelec - Kreisverkehrswacht Ostholstein S\u00fcd e.V.","robots":{"index":"index","follow":"follow","max-snippet":"max-snippet:-1","max-image-preview":"max-image-preview:large","max-video-preview":"max-video-preview:-1"},"canonical":"https:\/\/kvw-ostholstein.de\/home\/pedelec\/","og_locale":"de_DE","og_type":"article","og_title":"Mobil mit dem Pedelec - Kreisverkehrswacht Ostholstein S\u00fcd e.V.","og_description":"Mobil mit dem Pedelec &#8222;Mobil mit dem Pedelec&#8220; ist Name und Programm f\u00fcr unser Seminar rund um das &#8222;Elektrofahrrad&#8220;.Die Kreisverkehrswacht Ostholstein S\u00fcd e.V. bietet allen Benutzern eines Pedelec eine Einweisung in den Umgang mit diesem Fahrzeug an.Wir beginnen mit einer kurzen theoretischen Einf\u00fchrung in das Thema mit den rechtlichen Bestimmungen.\u00a0 Es folgt eine technische Einweisung, [&hellip;]","og_url":"https:\/\/kvw-ostholstein.de\/home\/pedelec\/","og_site_name":"Kreisverkehrswacht Ostholstein S\u00fcd e.V.","article_modified_time":"2024-09-22T15:38:21+00:00","og_image":[{"url":"https:\/\/kvw-ostholstein.de\/wp-content\/uploads\/2020\/07\/andrea_pedelec-1024x808.jpg"}],"twitter_card":"summary_large_image","twitter_misc":{"Gesch\u00e4tzte Lesezeit":"3\u00a0Minuten"},"schema":{"@context":"https:\/\/schema.org","@graph":[{"@type":"WebSite","@id":"https:\/\/kvw-ostholstein.de\/home\/#website","url":"https:\/\/kvw-ostholstein.de\/home\/","name":"Kreisverkehrswacht Ostholstein S\u00fcd e.V.","description":"Verkehrssicherheitsarbeit","potentialAction":[{"@type":"SearchAction","target":{"@type":"EntryPoint","urlTemplate":"https:\/\/kvw-ostholstein.de\/home\/?s={search_term_string}"},"query-input":"required name=search_term_string"}],"inLanguage":"de"},{"@type":"ImageObject","@id":"https:\/\/kvw-ostholstein.de\/home\/pedelec\/#primaryimage","inLanguage":"de","url":"https:\/\/kvw-ostholstein.de\/wp-content\/uploads\/2020\/07\/andrea_pedelec-1024x808.jpg","contentUrl":"https:\/\/kvw-ostholstein.de\/wp-content\/uploads\/2020\/07\/andrea_pedelec-1024x808.jpg"},{"@type":"WebPage","@id":"https:\/\/kvw-ostholstein.de\/home\/pedelec\/#webpage","url":"https:\/\/kvw-ostholstein.de\/home\/pedelec\/","name":"Mobil mit dem Pedelec - Kreisverkehrswacht Ostholstein S\u00fcd e.V.","isPartOf":{"@id":"https:\/\/kvw-ostholstein.de\/home\/#website"},"primaryImageOfPage":{"@id":"https:\/\/kvw-ostholstein.de\/home\/pedelec\/#primaryimage"},"datePublished":"2020-07-22T14:52:04+00:00","dateModified":"2024-09-22T15:38:21+00:00","breadcrumb":{"@id":"https:\/\/kvw-ostholstein.de\/home\/pedelec\/#breadcrumb"},"inLanguage":"de","potentialAction":[{"@type":"ReadAction","target":["https:\/\/kvw-ostholstein.de\/home\/pedelec\/"]}]},{"@type":"BreadcrumbList","@id":"https:\/\/kvw-ostholstein.de\/home\/pedelec\/#breadcrumb","itemListElement":[{"@type":"ListItem","position":1,"name":"Startseite","item":"https:\/\/kvw-ostholstein.de\/home\/"},{"@type":"ListItem","position":2,"name":"Mobil mit dem Pedelec"}]}]}},"_links":{"self":[{"href":"https:\/\/kvw-ostholstein.de\/home\/wp-json\/wp\/v2\/pages\/132","targetHints":{"allow":["GET"]}}],"collection":[{"href":"https:\/\/kvw-ostholstein.de\/home\/wp-json\/wp\/v2\/pages"}],"about":[{"href":"https:\/\/kvw-ostholstein.de\/home\/wp-json\/wp\/v2\/types\/page"}],"author":[{"embeddable":true,"href":"https:\/\/kvw-ostholstein.de\/home\/wp-json\/wp\/v2\/users\/1"}],"replies":[{"embeddable":true,"href":"https:\/\/kvw-ostholstein.de\/home\/wp-json\/wp\/v2\/comments?post=132"}],"version-history":[{"count":30,"href":"https:\/\/kvw-ostholstein.de\/home\/wp-json\/wp\/v2\/pages\/132\/revisions"}],"predecessor-version":[{"id":1322,"href":"https:\/\/kvw-ostholstein.de\/home\/wp-json\/wp\/v2\/pages\/132\/revisions\/1322"}],"wp:attachment":[{"href":"https:\/\/kvw-ostholstein.de\/home\/wp-json\/wp\/v2\/media?parent=132"}],"curies":[{"name":"wp","href":"https:\/\/api.w.org\/{rel}","templated":true}]}}