{"id":137,"date":"2020-07-22T14:54:36","date_gmt":"2020-07-22T14:54:36","guid":{"rendered":"http:\/\/kvw-ostholstein.de\/home\/?page_id=137"},"modified":"2025-02-21T14:07:14","modified_gmt":"2025-02-21T14:07:14","slug":"kindergaerten","status":"publish","type":"page","link":"https:\/\/kvw-ostholstein.de\/home\/kindergaerten\/","title":{"rendered":"Kindertagesst\u00e4tten"},"content":{"rendered":"\t\t<div data-elementor-type=\"wp-page\" data-elementor-id=\"137\" class=\"elementor elementor-137\">\n\t\t\t\t\t\t<div class=\"elementor-inner\">\n\t\t\t\t<div class=\"elementor-section-wrap\">\n\t\t\t\t\t\t\t\t\t<section class=\"elementor-section elementor-top-section elementor-element elementor-element-64cfe80 elementor-section-boxed elementor-section-height-default elementor-section-height-default\" data-id=\"64cfe80\" data-element_type=\"section\">\n\t\t\t\t\t\t<div class=\"elementor-container elementor-column-gap-default\">\n\t\t\t\t\t\t\t<div class=\"elementor-row\">\n\t\t\t\t\t<div class=\"elementor-column elementor-col-100 elementor-top-column elementor-element elementor-element-3cbbe97\" data-id=\"3cbbe97\" data-element_type=\"column\">\n\t\t\t<div class=\"elementor-column-wrap\">\n\t\t\t\t\t\t\t<div class=\"elementor-widget-wrap\">\n\t\t\t\t\t\t\t\t<\/div>\n\t\t\t\t\t<\/div>\n\t\t<\/div>\n\t\t\t\t\t\t\t\t<\/div>\n\t\t\t\t\t<\/div>\n\t\t<\/section>\n\t\t\t\t<section class=\"elementor-section elementor-top-section elementor-element elementor-element-31d7ebd elementor-section-boxed elementor-section-height-default elementor-section-height-default\" data-id=\"31d7ebd\" data-element_type=\"section\">\n\t\t\t\t\t\t<div class=\"elementor-container elementor-column-gap-default\">\n\t\t\t\t\t\t\t<div class=\"elementor-row\">\n\t\t\t\t\t<div class=\"elementor-column elementor-col-100 elementor-top-column elementor-element elementor-element-78ca7ac\" data-id=\"78ca7ac\" data-element_type=\"column\">\n\t\t\t<div class=\"elementor-column-wrap elementor-element-populated\">\n\t\t\t\t\t\t\t<div class=\"elementor-widget-wrap\">\n\t\t\t\t\t\t<div class=\"elementor-element elementor-element-b00681f elementor-widget elementor-widget-heading\" data-id=\"b00681f\" data-element_type=\"widget\" data-widget_type=\"heading.default\">\n\t\t\t\t<div class=\"elementor-widget-container\">\n\t\t\t<h2 class=\"elementor-heading-title elementor-size-default\">F\u00fcr Kindertagesst\u00e4tten<\/h2>\t\t<\/div>\n\t\t\t\t<\/div>\n\t\t\t\t\t\t<\/div>\n\t\t\t\t\t<\/div>\n\t\t<\/div>\n\t\t\t\t\t\t\t\t<\/div>\n\t\t\t\t\t<\/div>\n\t\t<\/section>\n\t\t\t\t<section class=\"elementor-section elementor-top-section elementor-element elementor-element-480ef76 elementor-section-boxed elementor-section-height-default elementor-section-height-default\" data-id=\"480ef76\" data-element_type=\"section\">\n\t\t\t\t\t\t<div class=\"elementor-container elementor-column-gap-default\">\n\t\t\t\t\t\t\t<div class=\"elementor-row\">\n\t\t\t\t\t<div class=\"elementor-column elementor-col-33 elementor-top-column elementor-element elementor-element-d080e63\" data-id=\"d080e63\" data-element_type=\"column\">\n\t\t\t<div class=\"elementor-column-wrap elementor-element-populated\">\n\t\t\t\t\t\t\t<div class=\"elementor-widget-wrap\">\n\t\t\t\t\t\t<div class=\"elementor-element elementor-element-d62053c elementor-widget elementor-widget-heading\" data-id=\"d62053c\" data-element_type=\"widget\" data-widget_type=\"heading.default\">\n\t\t\t\t<div class=\"elementor-widget-container\">\n\t\t\t<h2 class=\"elementor-heading-title elementor-size-default\">Angebot f\u00fcr Kindertagesst\u00e4tten<\/h2>\t\t<\/div>\n\t\t\t\t<\/div>\n\t\t\t\t\t\t<\/div>\n\t\t\t\t\t<\/div>\n\t\t<\/div>\n\t\t\t\t<div class=\"elementor-column elementor-col-66 elementor-top-column elementor-element elementor-element-8030f03\" data-id=\"8030f03\" data-element_type=\"column\">\n\t\t\t<div class=\"elementor-column-wrap elementor-element-populated\">\n\t\t\t\t\t\t\t<div class=\"elementor-widget-wrap\">\n\t\t\t\t\t\t<div class=\"elementor-element elementor-element-8718a98 elementor-widget elementor-widget-text-editor\" data-id=\"8718a98\" data-element_type=\"widget\" data-widget_type=\"text-editor.default\">\n\t\t\t\t<div class=\"elementor-widget-container\">\n\t\t\t\t\t\t\t\t<div class=\"elementor-text-editor elementor-clearfix\">\n\t\t\t\t<p>Kindertagesst\u00e4tten k\u00f6nnen mit ihren <strong><u>Vorschulkindern<\/u><\/strong> den Verkehrs\u00fcbungsplatz besuchen.<\/p><p>Gebucht wird ein Termin \u00fcber die Pr\u00e4ventionsbeamtin der Polizei PHK\u00b4in Heike Schmidt <br \/>(per E-Mail: <a href=\"mailto:heike.schmidt@polizei.landsh.de\"><u>heike.schmidt@polizei.landsh.de<\/u><\/a> , per Telefon: <u>04524 70 77 595<\/u>).<\/p><p>Bei diesem Besuch wird die Polizeiverkehrslehrerin einige wichtige Verkehrsregeln (rechts fahren, rechts\/links, Wo muss ich halten? Ampel \u2026) \u00a0vermitteln. Nat\u00fcrlich soll das Fahrrad- oder Rollerfahren auf dem Platz nicht zu kurz kommen.<\/p><p>Die Kinder ben\u00f6tigen einen eigenen Fahrradhelm und ein kleines Picknick. Sie verbringen auf dem Platz etwas 2 Stunden. Da braucht vor allem der Kopf eine kleine Pause, in der die Kleinen drau\u00dfen an der frischen Luft ihr mitgebrachtes Picknick essen k\u00f6nnen.<\/p><p>Vormittagstermine w\u00e4hrend der Schulzeit sind sehr rar. Der Platz kann jedoch problemlos auch f\u00fcr den Nachmittag gebucht werden.<\/p><p>Dieses Angebot ist nat\u00fcrlich kostenlos.<br \/><br \/><\/p>\t\t\t\t\t<\/div>\n\t\t\t\t\t\t<\/div>\n\t\t\t\t<\/div>\n\t\t\t\t\t\t<\/div>\n\t\t\t\t\t<\/div>\n\t\t<\/div>\n\t\t\t\t\t\t\t\t<\/div>\n\t\t\t\t\t<\/div>\n\t\t<\/section>\n\t\t\t\t<section class=\"elementor-section elementor-top-section elementor-element elementor-element-280854d elementor-section-boxed elementor-section-height-default elementor-section-height-default\" data-id=\"280854d\" data-element_type=\"section\">\n\t\t\t\t\t\t<div class=\"elementor-container elementor-column-gap-default\">\n\t\t\t\t\t\t\t<div class=\"elementor-row\">\n\t\t\t\t\t<div class=\"elementor-column elementor-col-100 elementor-top-column elementor-element elementor-element-7c5133a\" data-id=\"7c5133a\" data-element_type=\"column\">\n\t\t\t<div class=\"elementor-column-wrap elementor-element-populated\">\n\t\t\t\t\t\t\t<div class=\"elementor-widget-wrap\">\n\t\t\t\t\t\t<div class=\"elementor-element elementor-element-e69fb4c elementor-widget elementor-widget-spacer\" data-id=\"e69fb4c\" data-element_type=\"widget\" data-widget_type=\"spacer.default\">\n\t\t\t\t<div class=\"elementor-widget-container\">\n\t\t\t\t\t<div class=\"elementor-spacer\">\n\t\t\t<div class=\"elementor-spacer-inner\"><\/div>\n\t\t<\/div>\n\t\t\t\t<\/div>\n\t\t\t\t<\/div>\n\t\t\t\t\t\t<\/div>\n\t\t\t\t\t<\/div>\n\t\t<\/div>\n\t\t\t\t\t\t\t\t<\/div>\n\t\t\t\t\t<\/div>\n\t\t<\/section>\n\t\t\t\t<section class=\"elementor-section elementor-top-section elementor-element elementor-element-d166b92 elementor-section-boxed elementor-section-height-default elementor-section-height-default\" data-id=\"d166b92\" data-element_type=\"section\">\n\t\t\t\t\t\t<div class=\"elementor-container elementor-column-gap-default\">\n\t\t\t\t\t\t\t<div class=\"elementor-row\">\n\t\t\t\t\t<div class=\"elementor-column elementor-col-100 elementor-top-column elementor-element elementor-element-a481556\" data-id=\"a481556\" data-element_type=\"column\">\n\t\t\t<div class=\"elementor-column-wrap\">\n\t\t\t\t\t\t\t<div class=\"elementor-widget-wrap\">\n\t\t\t\t\t\t\t\t<\/div>\n\t\t\t\t\t<\/div>\n\t\t<\/div>\n\t\t\t\t\t\t\t\t<\/div>\n\t\t\t\t\t<\/div>\n\t\t<\/section>\n\t\t\t\t<section class=\"elementor-section elementor-top-section elementor-element elementor-element-a3b8a49 elementor-section-boxed elementor-section-height-default elementor-section-height-default\" data-id=\"a3b8a49\" data-element_type=\"section\">\n\t\t\t\t\t\t<div class=\"elementor-container elementor-column-gap-default\">\n\t\t\t\t\t\t\t<div class=\"elementor-row\">\n\t\t\t\t\t<div class=\"elementor-column elementor-col-20 elementor-top-column elementor-element elementor-element-2b5bf34\" data-id=\"2b5bf34\" data-element_type=\"column\">\n\t\t\t<div class=\"elementor-column-wrap elementor-element-populated\">\n\t\t\t\t\t\t\t<div class=\"elementor-widget-wrap\">\n\t\t\t\t\t\t<div class=\"elementor-element elementor-element-e3939cd elementor-widget elementor-widget-text-editor\" data-id=\"e3939cd\" data-element_type=\"widget\" data-widget_type=\"text-editor.default\">\n\t\t\t\t<div class=\"elementor-widget-container\">\n\t\t\t\t\t\t\t\t<div class=\"elementor-text-editor elementor-clearfix\">\n\t\t\t\t<p>Copyright 2023 &#8211; Kreisverkehrswacht Ostholstein S\u00fcd e.V.<\/p>\t\t\t\t\t<\/div>\n\t\t\t\t\t\t<\/div>\n\t\t\t\t<\/div>\n\t\t\t\t\t\t<\/div>\n\t\t\t\t\t<\/div>\n\t\t<\/div>\n\t\t\t\t<div class=\"elementor-column elementor-col-20 elementor-top-column elementor-element elementor-element-5a363b2\" data-id=\"5a363b2\" data-element_type=\"column\">\n\t\t\t<div class=\"elementor-column-wrap elementor-element-populated\">\n\t\t\t\t\t\t\t<div class=\"elementor-widget-wrap\">\n\t\t\t\t\t\t<div class=\"elementor-element elementor-element-b2080e1 elementor-widget elementor-widget-heading\" data-id=\"b2080e1\" data-element_type=\"widget\" data-widget_type=\"heading.default\">\n\t\t\t\t<div class=\"elementor-widget-container\">\n\t\t\t<h2 class=\"elementor-heading-title elementor-size-default\"><a href=\"https:\/\/www.kvw-ostholstein.de\/angebote\">zur\u00fcck<\/a><\/h2>\t\t<\/div>\n\t\t\t\t<\/div>\n\t\t\t\t\t\t<\/div>\n\t\t\t\t\t<\/div>\n\t\t<\/div>\n\t\t\t\t<div class=\"elementor-column elementor-col-20 elementor-top-column elementor-element elementor-element-4f43c54\" data-id=\"4f43c54\" data-element_type=\"column\">\n\t\t\t<div class=\"elementor-column-wrap elementor-element-populated\">\n\t\t\t\t\t\t\t<div class=\"elementor-widget-wrap\">\n\t\t\t\t\t\t<div class=\"elementor-element elementor-element-1cc987c elementor-widget elementor-widget-heading\" data-id=\"1cc987c\" data-element_type=\"widget\" data-widget_type=\"heading.default\">\n\t\t\t\t<div class=\"elementor-widget-container\">\n\t\t\t<h5 class=\"elementor-heading-title elementor-size-default\"><a href=\"https:\/\/kvw-ostholstein.de\/home\/datenschutz\">Datenschutz<\/a><\/h5>\t\t<\/div>\n\t\t\t\t<\/div>\n\t\t\t\t\t\t<\/div>\n\t\t\t\t\t<\/div>\n\t\t<\/div>\n\t\t\t\t<div class=\"elementor-column elementor-col-20 elementor-top-column elementor-element elementor-element-46fb7e2\" data-id=\"46fb7e2\" data-element_type=\"column\">\n\t\t\t<div class=\"elementor-column-wrap elementor-element-populated\">\n\t\t\t\t\t\t\t<div class=\"elementor-widget-wrap\">\n\t\t\t\t\t\t<div class=\"elementor-element elementor-element-4a83a42 elementor-widget elementor-widget-heading\" data-id=\"4a83a42\" data-element_type=\"widget\" data-widget_type=\"heading.default\">\n\t\t\t\t<div class=\"elementor-widget-container\">\n\t\t\t<h5 class=\"elementor-heading-title elementor-size-default\"><a href=\"https:\/\/kvw-ostholstein.de\/home\/haftungsausschluss\">Haftungsausschluss<\/a><\/h5>\t\t<\/div>\n\t\t\t\t<\/div>\n\t\t\t\t\t\t<\/div>\n\t\t\t\t\t<\/div>\n\t\t<\/div>\n\t\t\t\t<div class=\"elementor-column elementor-col-20 elementor-top-column elementor-element elementor-element-27aa845\" data-id=\"27aa845\" data-element_type=\"column\">\n\t\t\t<div class=\"elementor-column-wrap elementor-element-populated\">\n\t\t\t\t\t\t\t<div class=\"elementor-widget-wrap\">\n\t\t\t\t\t\t<div class=\"elementor-element elementor-element-702d543 elementor-widget elementor-widget-heading\" data-id=\"702d543\" data-element_type=\"widget\" data-widget_type=\"heading.default\">\n\t\t\t\t<div class=\"elementor-widget-container\">\n\t\t\t<h2 class=\"elementor-heading-title elementor-size-default\"><a href=\"https:\/\/kvw-ostholstein.de\/home\/impressum\">Impressum<\/a><\/h2>\t\t<\/div>\n\t\t\t\t<\/div>\n\t\t\t\t\t\t<\/div>\n\t\t\t\t\t<\/div>\n\t\t<\/div>\n\t\t\t\t\t\t\t\t<\/div>\n\t\t\t\t\t<\/div>\n\t\t<\/section>\n\t\t\t\t\t\t\t\t\t<\/div>\n\t\t\t<\/div>\n\t\t\t\t\t<\/div>\n\t\t","protected":false},"excerpt":{"rendered":"<p>F\u00fcr Kindertagesst\u00e4tten Angebot f\u00fcr Kindertagesst\u00e4tten Kindertagesst\u00e4tten k\u00f6nnen mit ihren Vorschulkindern den Verkehrs\u00fcbungsplatz besuchen. Gebucht wird ein Termin \u00fcber die Pr\u00e4ventionsbeamtin der Polizei PHK\u00b4in Heike Schmidt (per E-Mail: heike.schmidt@polizei.landsh.de , per Telefon: 04524 70 77 595). Bei diesem Besuch wird die Polizeiverkehrslehrerin einige wichtige Verkehrsregeln (rechts fahren, rechts\/links, Wo muss ich halten? Ampel \u2026) \u00a0vermitteln. Nat\u00fcrlich [&hellip;]<\/p>\n","protected":false},"author":1,"featured_media":0,"parent":0,"menu_order":0,"comment_status":"closed","ping_status":"closed","template":"elementor_canvas","meta":{"footnotes":""},"class_list":["post-137","page","type-page","status-publish","hentry","entry"],"yoast_head":"<!-- This site is optimized with the Yoast SEO plugin v18.4.1 - https:\/\/yoast.com\/wordpress\/plugins\/seo\/ -->\n<title>Kindertagesst\u00e4tten - Kreisverkehrswacht Ostholstein S\u00fcd e.V.<\/title>\n<meta name=\"robots\" content=\"index, follow, max-snippet:-1, max-image-preview:large, max-video-preview:-1\" \/>\n<link rel=\"canonical\" href=\"https:\/\/kvw-ostholstein.de\/home\/kindergaerten\/\" \/>\n<meta property=\"og:locale\" content=\"de_DE\" \/>\n<meta property=\"og:type\" content=\"article\" \/>\n<meta property=\"og:title\" content=\"Kindertagesst\u00e4tten - Kreisverkehrswacht Ostholstein S\u00fcd e.V.\" \/>\n<meta property=\"og:description\" content=\"F\u00fcr Kindertagesst\u00e4tten Angebot f\u00fcr Kindertagesst\u00e4tten Kindertagesst\u00e4tten k\u00f6nnen mit ihren Vorschulkindern den Verkehrs\u00fcbungsplatz besuchen. Gebucht wird ein Termin \u00fcber die Pr\u00e4ventionsbeamtin der Polizei PHK\u00b4in Heike Schmidt (per E-Mail: heike.schmidt@polizei.landsh.de , per Telefon: 04524 70 77 595). Bei diesem Besuch wird die Polizeiverkehrslehrerin einige wichtige Verkehrsregeln (rechts fahren, rechts\/links, Wo muss ich halten? Ampel \u2026) \u00a0vermitteln. Nat\u00fcrlich [&hellip;]\" \/>\n<meta property=\"og:url\" content=\"https:\/\/kvw-ostholstein.de\/home\/kindergaerten\/\" \/>\n<meta property=\"og:site_name\" content=\"Kreisverkehrswacht Ostholstein S\u00fcd e.V.\" \/>\n<meta property=\"article:modified_time\" content=\"2025-02-21T14:07:14+00:00\" \/>\n<meta name=\"twitter:card\" content=\"summary_large_image\" \/>\n<meta name=\"twitter:label1\" content=\"Gesch\u00e4tzte Lesezeit\" \/>\n\t<meta name=\"twitter:data1\" content=\"1\u00a0Minute\" \/>\n<script type=\"application\/ld+json\" class=\"yoast-schema-graph\">{\"@context\":\"https:\/\/schema.org\",\"@graph\":[{\"@type\":\"WebSite\",\"@id\":\"https:\/\/kvw-ostholstein.de\/home\/#website\",\"url\":\"https:\/\/kvw-ostholstein.de\/home\/\",\"name\":\"Kreisverkehrswacht Ostholstein S\u00fcd e.V.\",\"description\":\"Verkehrssicherheitsarbeit\",\"potentialAction\":[{\"@type\":\"SearchAction\",\"target\":{\"@type\":\"EntryPoint\",\"urlTemplate\":\"https:\/\/kvw-ostholstein.de\/home\/?s={search_term_string}\"},\"query-input\":\"required name=search_term_string\"}],\"inLanguage\":\"de\"},{\"@type\":\"WebPage\",\"@id\":\"https:\/\/kvw-ostholstein.de\/home\/kindergaerten\/#webpage\",\"url\":\"https:\/\/kvw-ostholstein.de\/home\/kindergaerten\/\",\"name\":\"Kindertagesst\u00e4tten - Kreisverkehrswacht Ostholstein S\u00fcd e.V.\",\"isPartOf\":{\"@id\":\"https:\/\/kvw-ostholstein.de\/home\/#website\"},\"datePublished\":\"2020-07-22T14:54:36+00:00\",\"dateModified\":\"2025-02-21T14:07:14+00:00\",\"breadcrumb\":{\"@id\":\"https:\/\/kvw-ostholstein.de\/home\/kindergaerten\/#breadcrumb\"},\"inLanguage\":\"de\",\"potentialAction\":[{\"@type\":\"ReadAction\",\"target\":[\"https:\/\/kvw-ostholstein.de\/home\/kindergaerten\/\"]}]},{\"@type\":\"BreadcrumbList\",\"@id\":\"https:\/\/kvw-ostholstein.de\/home\/kindergaerten\/#breadcrumb\",\"itemListElement\":[{\"@type\":\"ListItem\",\"position\":1,\"name\":\"Startseite\",\"item\":\"https:\/\/kvw-ostholstein.de\/home\/\"},{\"@type\":\"ListItem\",\"position\":2,\"name\":\"Kindertagesst\u00e4tten\"}]}]}<\/script>\n<!-- \/ Yoast SEO plugin. -->","yoast_head_json":{"title":"Kindertagesst\u00e4tten - Kreisverkehrswacht Ostholstein S\u00fcd e.V.","robots":{"index":"index","follow":"follow","max-snippet":"max-snippet:-1","max-image-preview":"max-image-preview:large","max-video-preview":"max-video-preview:-1"},"canonical":"https:\/\/kvw-ostholstein.de\/home\/kindergaerten\/","og_locale":"de_DE","og_type":"article","og_title":"Kindertagesst\u00e4tten - Kreisverkehrswacht Ostholstein S\u00fcd e.V.","og_description":"F\u00fcr Kindertagesst\u00e4tten Angebot f\u00fcr Kindertagesst\u00e4tten Kindertagesst\u00e4tten k\u00f6nnen mit ihren Vorschulkindern den Verkehrs\u00fcbungsplatz besuchen. Gebucht wird ein Termin \u00fcber die Pr\u00e4ventionsbeamtin der Polizei PHK\u00b4in Heike Schmidt (per E-Mail: heike.schmidt@polizei.landsh.de , per Telefon: 04524 70 77 595). Bei diesem Besuch wird die Polizeiverkehrslehrerin einige wichtige Verkehrsregeln (rechts fahren, rechts\/links, Wo muss ich halten? Ampel \u2026) \u00a0vermitteln. Nat\u00fcrlich [&hellip;]","og_url":"https:\/\/kvw-ostholstein.de\/home\/kindergaerten\/","og_site_name":"Kreisverkehrswacht Ostholstein S\u00fcd e.V.","article_modified_time":"2025-02-21T14:07:14+00:00","twitter_card":"summary_large_image","twitter_misc":{"Gesch\u00e4tzte Lesezeit":"1\u00a0Minute"},"schema":{"@context":"https:\/\/schema.org","@graph":[{"@type":"WebSite","@id":"https:\/\/kvw-ostholstein.de\/home\/#website","url":"https:\/\/kvw-ostholstein.de\/home\/","name":"Kreisverkehrswacht Ostholstein S\u00fcd e.V.","description":"Verkehrssicherheitsarbeit","potentialAction":[{"@type":"SearchAction","target":{"@type":"EntryPoint","urlTemplate":"https:\/\/kvw-ostholstein.de\/home\/?s={search_term_string}"},"query-input":"required name=search_term_string"}],"inLanguage":"de"},{"@type":"WebPage","@id":"https:\/\/kvw-ostholstein.de\/home\/kindergaerten\/#webpage","url":"https:\/\/kvw-ostholstein.de\/home\/kindergaerten\/","name":"Kindertagesst\u00e4tten - Kreisverkehrswacht Ostholstein S\u00fcd e.V.","isPartOf":{"@id":"https:\/\/kvw-ostholstein.de\/home\/#website"},"datePublished":"2020-07-22T14:54:36+00:00","dateModified":"2025-02-21T14:07:14+00:00","breadcrumb":{"@id":"https:\/\/kvw-ostholstein.de\/home\/kindergaerten\/#breadcrumb"},"inLanguage":"de","potentialAction":[{"@type":"ReadAction","target":["https:\/\/kvw-ostholstein.de\/home\/kindergaerten\/"]}]},{"@type":"BreadcrumbList","@id":"https:\/\/kvw-ostholstein.de\/home\/kindergaerten\/#breadcrumb","itemListElement":[{"@type":"ListItem","position":1,"name":"Startseite","item":"https:\/\/kvw-ostholstein.de\/home\/"},{"@type":"ListItem","position":2,"name":"Kindertagesst\u00e4tten"}]}]}},"_links":{"self":[{"href":"https:\/\/kvw-ostholstein.de\/home\/wp-json\/wp\/v2\/pages\/137","targetHints":{"allow":["GET"]}}],"collection":[{"href":"https:\/\/kvw-ostholstein.de\/home\/wp-json\/wp\/v2\/pages"}],"about":[{"href":"https:\/\/kvw-ostholstein.de\/home\/wp-json\/wp\/v2\/types\/page"}],"author":[{"embeddable":true,"href":"https:\/\/kvw-ostholstein.de\/home\/wp-json\/wp\/v2\/users\/1"}],"replies":[{"embeddable":true,"href":"https:\/\/kvw-ostholstein.de\/home\/wp-json\/wp\/v2\/comments?post=137"}],"version-history":[{"count":27,"href":"https:\/\/kvw-ostholstein.de\/home\/wp-json\/wp\/v2\/pages\/137\/revisions"}],"predecessor-version":[{"id":1330,"href":"https:\/\/kvw-ostholstein.de\/home\/wp-json\/wp\/v2\/pages\/137\/revisions\/1330"}],"wp:attachment":[{"href":"https:\/\/kvw-ostholstein.de\/home\/wp-json\/wp\/v2\/media?parent=137"}],"curies":[{"name":"wp","href":"https:\/\/api.w.org\/{rel}","templated":true}]}}